{"id":514,"date":"2019-12-07T16:26:22","date_gmt":"2019-12-07T15:26:22","guid":{"rendered":"https:\/\/www.kj-valentin.at\/wp_pfarrevalentin\/?page_id=514"},"modified":"2025-06-17T18:38:17","modified_gmt":"2025-06-17T16:38:17","slug":"pfarrgemeinderat","status":"publish","type":"page","link":"https:\/\/www.kj-valentin.at\/wp_pfarrevalentin\/pfarrgemeinderat\/","title":{"rendered":"Pfarrgemeinderat 2022 bis 2027"},"content":{"rendered":"\n<p>Der&nbsp;Pfarrgemeinderat&nbsp;ist ein Leitungsgremium, das f\u00fcr das Leben und die Entwicklung der Pfarrgemeinde Verantwortung tr\u00e4gt. Zusammen mit dem Pfarrer gestalten Frauen und M\u00e4nner das Pfarrleben als Ausdruck der gemeinsamen Verantwortung aller Gl\u00e4ubigen.<\/p>\n\n\n\n<figure class=\"wp-block-pullquote has-text-align-left has-background has-accent-background-color is-style-solid-color has-background-color has-text-color\"><blockquote><p> <strong>Der Pfarrgemeinderat wurde im M\u00e4rz 2022 <\/strong> <strong>f\u00fcr die Jahre 2022 &#8211; 202<\/strong>7 <strong>neu gew\u00e4hlt. <\/strong> <\/p><cite> <\/cite><\/blockquote><\/figure>\n\n\n\n<p>Der&nbsp;Pfarrgemeinderat&nbsp;als Leitungsgremium ber\u00e4t in regelm\u00e4\u00dfigen Sitzungen, was zu tun ist, legt Ziele und Priorit\u00e4ten fest, plant und beschlie\u00dft die dazu erforderlichen Ma\u00dfnahmen, sorgt f\u00fcr deren Durchf\u00fchrung und \u00fcberpr\u00fcft die Arbeit, ihre Zielsetzung und Entwicklung.&nbsp;<\/p>\n\n\n\n<figure class=\"wp-block-gallery alignwide has-nested-images columns-6 is-cropped wp-block-gallery-1 is-layout-flex wp-block-gallery-is-layout-flex\">\n<figure class=\"wp-block-image size-large\"><img loading=\"lazy\" decoding=\"async\" width=\"1024\" height=\"683\" data-id=\"12078\" src=\"https:\/\/www.kj-valentin.at\/wp_pfarrevalentin\/wp-content\/uploads\/2023\/09\/2023_09_04-Rupert-1-1024x683.jpg\" alt=\"\" class=\"wp-image-12078\" srcset=\"https:\/\/www.kj-valentin.at\/wp_pfarrevalentin\/wp-content\/uploads\/2023\/09\/2023_09_04-Rupert-1-1024x683.jpg 1024w, https:\/\/www.kj-valentin.at\/wp_pfarrevalentin\/wp-content\/uploads\/2023\/09\/2023_09_04-Rupert-1-300x200.jpg 300w, https:\/\/www.kj-valentin.at\/wp_pfarrevalentin\/wp-content\/uploads\/2023\/09\/2023_09_04-Rupert-1-768x512.jpg 768w, https:\/\/www.kj-valentin.at\/wp_pfarrevalentin\/wp-content\/uploads\/2023\/09\/2023_09_04-Rupert-1-1536x1024.jpg 1536w, https:\/\/www.kj-valentin.at\/wp_pfarrevalentin\/wp-content\/uploads\/2023\/09\/2023_09_04-Rupert-1-1200x800.jpg 1200w, https:\/\/www.kj-valentin.at\/wp_pfarrevalentin\/wp-content\/uploads\/2023\/09\/2023_09_04-Rupert-1.jpg 1600w\" sizes=\"auto, (max-width: 1024px) 100vw, 1024px\" \/><figcaption class=\"wp-element-caption\">Pfarrer Dr. Rupert Grill Obmann<\/figcaption><\/figure>\n\n\n\n<figure class=\"wp-block-image size-large\"><img loading=\"lazy\" decoding=\"async\" width=\"683\" height=\"1024\" data-id=\"12080\" src=\"https:\/\/www.kj-valentin.at\/wp_pfarrevalentin\/wp-content\/uploads\/2023\/09\/2023_09_04-Henry-1-683x1024.jpg\" alt=\"\" class=\"wp-image-12080\" srcset=\"https:\/\/www.kj-valentin.at\/wp_pfarrevalentin\/wp-content\/uploads\/2023\/09\/2023_09_04-Henry-1-683x1024.jpg 683w, https:\/\/www.kj-valentin.at\/wp_pfarrevalentin\/wp-content\/uploads\/2023\/09\/2023_09_04-Henry-1-200x300.jpg 200w, https:\/\/www.kj-valentin.at\/wp_pfarrevalentin\/wp-content\/uploads\/2023\/09\/2023_09_04-Henry-1-768x1152.jpg 768w, https:\/\/www.kj-valentin.at\/wp_pfarrevalentin\/wp-content\/uploads\/2023\/09\/2023_09_04-Henry-1-1024x1536.jpg 1024w, https:\/\/www.kj-valentin.at\/wp_pfarrevalentin\/wp-content\/uploads\/2023\/09\/2023_09_04-Henry-1.jpg 1067w\" sizes=\"auto, (max-width: 683px) 100vw, 683px\" \/><figcaption class=\"wp-element-caption\">Kaplan Henry Igbokwe<\/figcaption><\/figure>\n\n\n\n<figure class=\"wp-block-image size-large\"><img loading=\"lazy\" decoding=\"async\" width=\"480\" height=\"629\" data-id=\"801\" src=\"https:\/\/www.kj-valentin.at\/wp_pfarrevalentin\/wp-content\/uploads\/2019\/12\/Karl_Schoenauer.jpg\" alt=\"\" class=\"wp-image-801\" srcset=\"https:\/\/www.kj-valentin.at\/wp_pfarrevalentin\/wp-content\/uploads\/2019\/12\/Karl_Schoenauer.jpg 480w, https:\/\/www.kj-valentin.at\/wp_pfarrevalentin\/wp-content\/uploads\/2019\/12\/Karl_Schoenauer-229x300.jpg 229w\" sizes=\"auto, (max-width: 480px) 100vw, 480px\" \/><figcaption class=\"wp-element-caption\">Karl Sch\u00f6nauer <br>Obmann Stv.<\/figcaption><\/figure>\n\n\n\n<figure class=\"wp-block-image size-large\"><img loading=\"lazy\" decoding=\"async\" width=\"683\" height=\"1024\" data-id=\"8536\" src=\"https:\/\/www.kj-valentin.at\/wp_pfarrevalentin\/wp-content\/uploads\/2022\/06\/Eva-Maria-Gru\u0308ndling_DSC03723-Kopie-683x1024.jpg\" alt=\"\" class=\"wp-image-8536\" srcset=\"https:\/\/www.kj-valentin.at\/wp_pfarrevalentin\/wp-content\/uploads\/2022\/06\/Eva-Maria-Gru\u0308ndling_DSC03723-Kopie-683x1024.jpg 683w, https:\/\/www.kj-valentin.at\/wp_pfarrevalentin\/wp-content\/uploads\/2022\/06\/Eva-Maria-Gru\u0308ndling_DSC03723-Kopie-200x300.jpg 200w, https:\/\/www.kj-valentin.at\/wp_pfarrevalentin\/wp-content\/uploads\/2022\/06\/Eva-Maria-Gru\u0308ndling_DSC03723-Kopie-768x1152.jpg 768w, https:\/\/www.kj-valentin.at\/wp_pfarrevalentin\/wp-content\/uploads\/2022\/06\/Eva-Maria-Gru\u0308ndling_DSC03723-Kopie-1024x1536.jpg 1024w, https:\/\/www.kj-valentin.at\/wp_pfarrevalentin\/wp-content\/uploads\/2022\/06\/Eva-Maria-Gru\u0308ndling_DSC03723-Kopie-rotated.jpg 1067w\" sizes=\"auto, (max-width: 683px) 100vw, 683px\" \/><figcaption class=\"wp-element-caption\">Eva-Maria Gr\u00fcndling <br>PGR Vorstand<\/figcaption><\/figure>\n\n\n\n<figure class=\"wp-block-image size-large\"><img loading=\"lazy\" decoding=\"async\" width=\"755\" height=\"1024\" data-id=\"8617\" src=\"https:\/\/www.kj-valentin.at\/wp_pfarrevalentin\/wp-content\/uploads\/2022\/07\/Karlportra\u0308t-755x1024.jpg\" alt=\"\" class=\"wp-image-8617\" srcset=\"https:\/\/www.kj-valentin.at\/wp_pfarrevalentin\/wp-content\/uploads\/2022\/07\/Karlportra\u0308t-755x1024.jpg 755w, https:\/\/www.kj-valentin.at\/wp_pfarrevalentin\/wp-content\/uploads\/2022\/07\/Karlportra\u0308t-221x300.jpg 221w, https:\/\/www.kj-valentin.at\/wp_pfarrevalentin\/wp-content\/uploads\/2022\/07\/Karlportra\u0308t-768x1042.jpg 768w, https:\/\/www.kj-valentin.at\/wp_pfarrevalentin\/wp-content\/uploads\/2022\/07\/Karlportra\u0308t-1132x1536.jpg 1132w, https:\/\/www.kj-valentin.at\/wp_pfarrevalentin\/wp-content\/uploads\/2022\/07\/Karlportra\u0308t.jpg 1179w\" sizes=\"auto, (max-width: 755px) 100vw, 755px\" \/><figcaption class=\"wp-element-caption\">Karl Schafelner <br>PGR Vorstand<\/figcaption><\/figure>\n\n\n\n<figure class=\"wp-block-image size-large\"><img loading=\"lazy\" decoding=\"async\" width=\"265\" height=\"356\" data-id=\"815\" src=\"https:\/\/www.kj-valentin.at\/wp_pfarrevalentin\/wp-content\/uploads\/2019\/12\/Rudi_Hiebl.png\" alt=\"Rudolf Hiebl - Obmann Stellvertreter\" class=\"wp-image-815\" srcset=\"https:\/\/www.kj-valentin.at\/wp_pfarrevalentin\/wp-content\/uploads\/2019\/12\/Rudi_Hiebl.png 265w, https:\/\/www.kj-valentin.at\/wp_pfarrevalentin\/wp-content\/uploads\/2019\/12\/Rudi_Hiebl-223x300.png 223w\" sizes=\"auto, (max-width: 265px) 100vw, 265px\" \/><figcaption class=\"wp-element-caption\">Rudolf Hiebl <br>PGR Vorstand<\/figcaption><\/figure>\n\n\n\n<figure class=\"wp-block-image size-full\"><img loading=\"lazy\" decoding=\"async\" width=\"468\" height=\"618\" data-id=\"8518\" src=\"https:\/\/www.kj-valentin.at\/wp_pfarrevalentin\/wp-content\/uploads\/2022\/06\/Stefan-Aigenbauer-Passfoto.jpg\" alt=\"\" class=\"wp-image-8518\" srcset=\"https:\/\/www.kj-valentin.at\/wp_pfarrevalentin\/wp-content\/uploads\/2022\/06\/Stefan-Aigenbauer-Passfoto.jpg 468w, https:\/\/www.kj-valentin.at\/wp_pfarrevalentin\/wp-content\/uploads\/2022\/06\/Stefan-Aigenbauer-Passfoto-227x300.jpg 227w\" sizes=\"auto, (max-width: 468px) 100vw, 468px\" \/><figcaption class=\"wp-element-caption\">Stefan Aigenbauer <br>KBW<\/figcaption><\/figure>\n\n\n\n<figure class=\"wp-block-image size-large\"><img loading=\"lazy\" decoding=\"async\" width=\"458\" height=\"573\" data-id=\"808\" src=\"https:\/\/www.kj-valentin.at\/wp_pfarrevalentin\/wp-content\/uploads\/2019\/12\/Renate_Gottwald-Hofer.jpg\" alt=\"\" class=\"wp-image-808\" srcset=\"https:\/\/www.kj-valentin.at\/wp_pfarrevalentin\/wp-content\/uploads\/2019\/12\/Renate_Gottwald-Hofer.jpg 458w, https:\/\/www.kj-valentin.at\/wp_pfarrevalentin\/wp-content\/uploads\/2019\/12\/Renate_Gottwald-Hofer-240x300.jpg 240w\" sizes=\"auto, (max-width: 458px) 100vw, 458px\" \/><figcaption class=\"wp-element-caption\">Renate  Gottwald-Hofer  <br>Caritas und Chor der Pfarre<\/figcaption><\/figure>\n\n\n\n<figure class=\"wp-block-image size-large\"><img loading=\"lazy\" decoding=\"async\" width=\"480\" height=\"630\" data-id=\"806\" src=\"https:\/\/www.kj-valentin.at\/wp_pfarrevalentin\/wp-content\/uploads\/2019\/12\/Marianne_Weigl.jpg\" alt=\"\" class=\"wp-image-806\" srcset=\"https:\/\/www.kj-valentin.at\/wp_pfarrevalentin\/wp-content\/uploads\/2019\/12\/Marianne_Weigl.jpg 480w, https:\/\/www.kj-valentin.at\/wp_pfarrevalentin\/wp-content\/uploads\/2019\/12\/Marianne_Weigl-229x300.jpg 229w\" sizes=\"auto, (max-width: 480px) 100vw, 480px\" \/><figcaption class=\"wp-element-caption\">Marianne Weigl<br> Senioren<\/figcaption><\/figure>\n\n\n\n<figure class=\"wp-block-image size-large\"><img loading=\"lazy\" decoding=\"async\" width=\"745\" height=\"931\" data-id=\"798\" src=\"https:\/\/www.kj-valentin.at\/wp_pfarrevalentin\/wp-content\/uploads\/2019\/12\/HansPeter_LEchner.jpg\" alt=\"\" class=\"wp-image-798\" srcset=\"https:\/\/www.kj-valentin.at\/wp_pfarrevalentin\/wp-content\/uploads\/2019\/12\/HansPeter_LEchner.jpg 745w, https:\/\/www.kj-valentin.at\/wp_pfarrevalentin\/wp-content\/uploads\/2019\/12\/HansPeter_LEchner-240x300.jpg 240w\" sizes=\"auto, (max-width: 745px) 100vw, 745px\" \/><figcaption class=\"wp-element-caption\">Hanspeter Lechner<br>Medien<\/figcaption><\/figure>\n\n\n\n<figure class=\"wp-block-image size-full\"><img loading=\"lazy\" decoding=\"async\" width=\"387\" height=\"504\" data-id=\"8519\" src=\"https:\/\/www.kj-valentin.at\/wp_pfarrevalentin\/wp-content\/uploads\/2022\/06\/Uschi-Wirlinger-IMG_E5052.jpg\" alt=\"\" class=\"wp-image-8519\" srcset=\"https:\/\/www.kj-valentin.at\/wp_pfarrevalentin\/wp-content\/uploads\/2022\/06\/Uschi-Wirlinger-IMG_E5052.jpg 387w, https:\/\/www.kj-valentin.at\/wp_pfarrevalentin\/wp-content\/uploads\/2022\/06\/Uschi-Wirlinger-IMG_E5052-230x300.jpg 230w\" sizes=\"auto, (max-width: 387px) 100vw, 387px\" \/><figcaption class=\"wp-element-caption\">Uschi Wirlinger<br>Pfarrgemeinder\u00e4tin<br><\/figcaption><\/figure>\n\n\n\n<figure class=\"wp-block-image size-full\"><img loading=\"lazy\" decoding=\"async\" width=\"359\" height=\"439\" data-id=\"8517\" src=\"https:\/\/www.kj-valentin.at\/wp_pfarrevalentin\/wp-content\/uploads\/2022\/06\/Bernd-Eckl.jpg\" alt=\"\" class=\"wp-image-8517\" srcset=\"https:\/\/www.kj-valentin.at\/wp_pfarrevalentin\/wp-content\/uploads\/2022\/06\/Bernd-Eckl.jpg 359w, https:\/\/www.kj-valentin.at\/wp_pfarrevalentin\/wp-content\/uploads\/2022\/06\/Bernd-Eckl-245x300.jpg 245w\" sizes=\"auto, (max-width: 359px) 100vw, 359px\" \/><figcaption class=\"wp-element-caption\">Bernd Eckel<br>Pfarrgemeinderat<br><\/figcaption><\/figure>\n\n\n\n<figure class=\"wp-block-image size-large\"><img loading=\"lazy\" decoding=\"async\" width=\"819\" height=\"1024\" data-id=\"790\" src=\"https:\/\/www.kj-valentin.at\/wp_pfarrevalentin\/wp-content\/uploads\/2019\/12\/AnnaElisabeth_Schnetzinger-819x1024.jpg\" alt=\"\" class=\"wp-image-790\" srcset=\"https:\/\/www.kj-valentin.at\/wp_pfarrevalentin\/wp-content\/uploads\/2019\/12\/AnnaElisabeth_Schnetzinger-819x1024.jpg 819w, https:\/\/www.kj-valentin.at\/wp_pfarrevalentin\/wp-content\/uploads\/2019\/12\/AnnaElisabeth_Schnetzinger-240x300.jpg 240w, https:\/\/www.kj-valentin.at\/wp_pfarrevalentin\/wp-content\/uploads\/2019\/12\/AnnaElisabeth_Schnetzinger-768x960.jpg 768w, https:\/\/www.kj-valentin.at\/wp_pfarrevalentin\/wp-content\/uploads\/2019\/12\/AnnaElisabeth_Schnetzinger-1229x1536.jpg 1229w, https:\/\/www.kj-valentin.at\/wp_pfarrevalentin\/wp-content\/uploads\/2019\/12\/AnnaElisabeth_Schnetzinger-1638x2048.jpg 1638w, https:\/\/www.kj-valentin.at\/wp_pfarrevalentin\/wp-content\/uploads\/2019\/12\/AnnaElisabeth_Schnetzinger-1200x1500.jpg 1200w, https:\/\/www.kj-valentin.at\/wp_pfarrevalentin\/wp-content\/uploads\/2019\/12\/AnnaElisabeth_Schnetzinger-1980x2476.jpg 1980w, https:\/\/www.kj-valentin.at\/wp_pfarrevalentin\/wp-content\/uploads\/2019\/12\/AnnaElisabeth_Schnetzinger-scaled.jpg 2048w\" sizes=\"auto, (max-width: 819px) 100vw, 819px\" \/><figcaption class=\"wp-element-caption\">Anna-Elisabeth Schnetzinger Pfarrgemeinder\u00e4tin<\/figcaption><\/figure>\n\n\n\n<figure class=\"wp-block-image size-full\"><img loading=\"lazy\" decoding=\"async\" width=\"583\" height=\"771\" data-id=\"8544\" src=\"https:\/\/www.kj-valentin.at\/wp_pfarrevalentin\/wp-content\/uploads\/2022\/06\/DSC05818.jpg\" alt=\"\" class=\"wp-image-8544\" srcset=\"https:\/\/www.kj-valentin.at\/wp_pfarrevalentin\/wp-content\/uploads\/2022\/06\/DSC05818.jpg 583w, https:\/\/www.kj-valentin.at\/wp_pfarrevalentin\/wp-content\/uploads\/2022\/06\/DSC05818-227x300.jpg 227w\" sizes=\"auto, (max-width: 583px) 100vw, 583px\" \/><figcaption class=\"wp-element-caption\">Marianne Peil <br>Pfarrgemeinder\u00e4tin<\/figcaption><\/figure>\n\n\n\n<figure class=\"wp-block-image size-large\"><img loading=\"lazy\" decoding=\"async\" width=\"1024\" height=\"768\" data-id=\"8576\" src=\"https:\/\/www.kj-valentin.at\/wp_pfarrevalentin\/wp-content\/uploads\/2022\/06\/Matthias-Sallinger-1024x768.jpg\" alt=\"\" class=\"wp-image-8576\" srcset=\"https:\/\/www.kj-valentin.at\/wp_pfarrevalentin\/wp-content\/uploads\/2022\/06\/Matthias-Sallinger-1024x768.jpg 1024w, https:\/\/www.kj-valentin.at\/wp_pfarrevalentin\/wp-content\/uploads\/2022\/06\/Matthias-Sallinger-300x225.jpg 300w, https:\/\/www.kj-valentin.at\/wp_pfarrevalentin\/wp-content\/uploads\/2022\/06\/Matthias-Sallinger-768x576.jpg 768w, https:\/\/www.kj-valentin.at\/wp_pfarrevalentin\/wp-content\/uploads\/2022\/06\/Matthias-Sallinger-1536x1152.jpg 1536w, https:\/\/www.kj-valentin.at\/wp_pfarrevalentin\/wp-content\/uploads\/2022\/06\/Matthias-Sallinger-1200x900.jpg 1200w, https:\/\/www.kj-valentin.at\/wp_pfarrevalentin\/wp-content\/uploads\/2022\/06\/Matthias-Sallinger.jpg 1600w\" sizes=\"auto, (max-width: 1024px) 100vw, 1024px\" \/><figcaption class=\"wp-element-caption\">Matthias Sallinger <br>Jugend<\/figcaption><\/figure>\n\n\n\n<figure class=\"wp-block-image size-large\"><img loading=\"lazy\" decoding=\"async\" width=\"717\" height=\"1024\" data-id=\"8580\" src=\"https:\/\/www.kj-valentin.at\/wp_pfarrevalentin\/wp-content\/uploads\/2022\/06\/Christine-Sator-Leitner-1-717x1024.jpg\" alt=\"\" class=\"wp-image-8580\" srcset=\"https:\/\/www.kj-valentin.at\/wp_pfarrevalentin\/wp-content\/uploads\/2022\/06\/Christine-Sator-Leitner-1-717x1024.jpg 717w, https:\/\/www.kj-valentin.at\/wp_pfarrevalentin\/wp-content\/uploads\/2022\/06\/Christine-Sator-Leitner-1-210x300.jpg 210w, https:\/\/www.kj-valentin.at\/wp_pfarrevalentin\/wp-content\/uploads\/2022\/06\/Christine-Sator-Leitner-1-768x1097.jpg 768w, https:\/\/www.kj-valentin.at\/wp_pfarrevalentin\/wp-content\/uploads\/2022\/06\/Christine-Sator-Leitner-1-1075x1536.jpg 1075w, https:\/\/www.kj-valentin.at\/wp_pfarrevalentin\/wp-content\/uploads\/2022\/06\/Christine-Sator-Leitner-1.jpg 1120w\" sizes=\"auto, (max-width: 717px) 100vw, 717px\" \/><figcaption class=\"wp-element-caption\">Christine Sator-Leitner <br>Religionslehrerin<\/figcaption><\/figure>\n\n\n\n<figure class=\"wp-block-image size-large\"><img loading=\"lazy\" decoding=\"async\" width=\"768\" height=\"1024\" data-id=\"8591\" src=\"https:\/\/www.kj-valentin.at\/wp_pfarrevalentin\/wp-content\/uploads\/2022\/06\/Renate-Steffelbauer-768x1024.jpg\" alt=\"\" class=\"wp-image-8591\" srcset=\"https:\/\/www.kj-valentin.at\/wp_pfarrevalentin\/wp-content\/uploads\/2022\/06\/Renate-Steffelbauer-768x1024.jpg 768w, https:\/\/www.kj-valentin.at\/wp_pfarrevalentin\/wp-content\/uploads\/2022\/06\/Renate-Steffelbauer-225x300.jpg 225w, https:\/\/www.kj-valentin.at\/wp_pfarrevalentin\/wp-content\/uploads\/2022\/06\/Renate-Steffelbauer-1152x1536.jpg 1152w, https:\/\/www.kj-valentin.at\/wp_pfarrevalentin\/wp-content\/uploads\/2022\/06\/Renate-Steffelbauer.jpg 1200w\" sizes=\"auto, (max-width: 768px) 100vw, 768px\" \/><figcaption class=\"wp-element-caption\">Renate Steffelbauer <br>Pfarrgemeinder\u00e4tin<br><\/figcaption><\/figure>\n\n\n\n<figure class=\"wp-block-image size-large\"><img loading=\"lazy\" decoding=\"async\" width=\"739\" height=\"1024\" data-id=\"8603\" src=\"https:\/\/www.kj-valentin.at\/wp_pfarrevalentin\/wp-content\/uploads\/2022\/06\/4q3a8245-1-739x1024.jpg\" alt=\"\" class=\"wp-image-8603\" srcset=\"https:\/\/www.kj-valentin.at\/wp_pfarrevalentin\/wp-content\/uploads\/2022\/06\/4q3a8245-1-739x1024.jpg 739w, https:\/\/www.kj-valentin.at\/wp_pfarrevalentin\/wp-content\/uploads\/2022\/06\/4q3a8245-1-217x300.jpg 217w, https:\/\/www.kj-valentin.at\/wp_pfarrevalentin\/wp-content\/uploads\/2022\/06\/4q3a8245-1.jpg 747w\" sizes=\"auto, (max-width: 739px) 100vw, 739px\" \/><figcaption class=\"wp-element-caption\">Martin Weichselbaumer <br>Pfarrgemeinderat<\/figcaption><\/figure>\n\n\n\n<figure class=\"wp-block-image size-full\"><img loading=\"lazy\" decoding=\"async\" width=\"441\" height=\"642\" data-id=\"8607\" src=\"https:\/\/www.kj-valentin.at\/wp_pfarrevalentin\/wp-content\/uploads\/2022\/06\/Susanne-Kirchweger.jpg\" alt=\"\" class=\"wp-image-8607\" srcset=\"https:\/\/www.kj-valentin.at\/wp_pfarrevalentin\/wp-content\/uploads\/2022\/06\/Susanne-Kirchweger.jpg 441w, https:\/\/www.kj-valentin.at\/wp_pfarrevalentin\/wp-content\/uploads\/2022\/06\/Susanne-Kirchweger-206x300.jpg 206w\" sizes=\"auto, (max-width: 441px) 100vw, 441px\" \/><figcaption class=\"wp-element-caption\">Susanne Kirchweger <br>Pfarrgemeinder\u00e4tin<\/figcaption><\/figure>\n\n\n\n<figure class=\"wp-block-image size-full\"><img loading=\"lazy\" decoding=\"async\" width=\"350\" height=\"467\" data-id=\"8610\" src=\"https:\/\/www.kj-valentin.at\/wp_pfarrevalentin\/wp-content\/uploads\/2022\/06\/Marianne-Hirsch.jpg\" alt=\"\" class=\"wp-image-8610\" srcset=\"https:\/\/www.kj-valentin.at\/wp_pfarrevalentin\/wp-content\/uploads\/2022\/06\/Marianne-Hirsch.jpg 350w, https:\/\/www.kj-valentin.at\/wp_pfarrevalentin\/wp-content\/uploads\/2022\/06\/Marianne-Hirsch-225x300.jpg 225w\" sizes=\"auto, (max-width: 350px) 100vw, 350px\" \/><figcaption class=\"wp-element-caption\">Marianne Hirsch <br>Mesnerin<\/figcaption><\/figure>\n\n\n\n<figure class=\"wp-block-image size-full\"><img loading=\"lazy\" decoding=\"async\" width=\"590\" height=\"717\" data-id=\"8623\" src=\"https:\/\/www.kj-valentin.at\/wp_pfarrevalentin\/wp-content\/uploads\/2022\/07\/IMG-20220702-WA0000.jpg\" alt=\"\" class=\"wp-image-8623\" srcset=\"https:\/\/www.kj-valentin.at\/wp_pfarrevalentin\/wp-content\/uploads\/2022\/07\/IMG-20220702-WA0000.jpg 590w, https:\/\/www.kj-valentin.at\/wp_pfarrevalentin\/wp-content\/uploads\/2022\/07\/IMG-20220702-WA0000-247x300.jpg 247w\" sizes=\"auto, (max-width: 590px) 100vw, 590px\" \/><figcaption class=\"wp-element-caption\">Claudia Fuchshuber<br>Pfarrgemeinder\u00e4tin<\/figcaption><\/figure>\n\n\n\n<figure class=\"wp-block-image size-large\"><img loading=\"lazy\" decoding=\"async\" width=\"378\" height=\"439\" data-id=\"8012\" src=\"https:\/\/www.kj-valentin.at\/wp_pfarrevalentin\/wp-content\/uploads\/2022\/04\/Bildschirmfoto-2022-04-27-um-15.58.54.png\" alt=\"\" class=\"wp-image-8012\" srcset=\"https:\/\/www.kj-valentin.at\/wp_pfarrevalentin\/wp-content\/uploads\/2022\/04\/Bildschirmfoto-2022-04-27-um-15.58.54.png 378w, https:\/\/www.kj-valentin.at\/wp_pfarrevalentin\/wp-content\/uploads\/2022\/04\/Bildschirmfoto-2022-04-27-um-15.58.54-258x300.png 258w\" sizes=\"auto, (max-width: 378px) 100vw, 378px\" \/><figcaption class=\"wp-element-caption\">Bernadette Mayer<br>PGR Vorstand<\/figcaption><\/figure>\n\n\n\n<figure class=\"wp-block-image size-large\"><img loading=\"lazy\" decoding=\"async\" width=\"378\" height=\"439\" data-id=\"8012\" src=\"https:\/\/www.kj-valentin.at\/wp_pfarrevalentin\/wp-content\/uploads\/2022\/04\/Bildschirmfoto-2022-04-27-um-15.58.54.png\" alt=\"\" class=\"wp-image-8012\" srcset=\"https:\/\/www.kj-valentin.at\/wp_pfarrevalentin\/wp-content\/uploads\/2022\/04\/Bildschirmfoto-2022-04-27-um-15.58.54.png 378w, https:\/\/www.kj-valentin.at\/wp_pfarrevalentin\/wp-content\/uploads\/2022\/04\/Bildschirmfoto-2022-04-27-um-15.58.54-258x300.png 258w\" sizes=\"auto, (max-width: 378px) 100vw, 378px\" \/><figcaption class=\"wp-element-caption\">Marlene Wirlinger <br>Pfarrgemeinder\u00e4tin<\/figcaption><\/figure>\n<\/figure>\n","protected":false},"excerpt":{"rendered":"<p>Der&nbsp;Pfarrgemeinderat&nbsp;ist ein Leitungsgremium, das f\u00fcr das Leben und die Entwicklung der Pfarrgemeinde Verantwortung tr\u00e4gt. Zusammen mit dem Pfarrer gestalten Frauen und M\u00e4nner das Pfarrleben als Ausdruck der gemeinsamen Verantwortung aller Gl\u00e4ubigen. Der Pfarrgemeinderat wurde im M\u00e4rz 2022 f\u00fcr die Jahre 2022 &#8211; 2027 neu gew\u00e4hlt. Der&nbsp;Pfarrgemeinderat&nbsp;als Leitungsgremium ber\u00e4t in regelm\u00e4\u00dfigen Sitzungen, was zu tun ist, [&hellip;]<\/p>\n","protected":false},"author":5,"featured_media":0,"parent":0,"menu_order":0,"comment_status":"closed","ping_status":"closed","template":"","meta":{"footnotes":""},"class_list":["post-514","page","type-page","status-publish","hentry"],"_links":{"self":[{"href":"https:\/\/www.kj-valentin.at\/wp_pfarrevalentin\/wp-json\/wp\/v2\/pages\/514","targetHints":{"allow":["GET"]}}],"collection":[{"href":"https:\/\/www.kj-valentin.at\/wp_pfarrevalentin\/wp-json\/wp\/v2\/pages"}],"about":[{"href":"https:\/\/www.kj-valentin.at\/wp_pfarrevalentin\/wp-json\/wp\/v2\/types\/page"}],"author":[{"embeddable":true,"href":"https:\/\/www.kj-valentin.at\/wp_pfarrevalentin\/wp-json\/wp\/v2\/users\/5"}],"replies":[{"embeddable":true,"href":"https:\/\/www.kj-valentin.at\/wp_pfarrevalentin\/wp-json\/wp\/v2\/comments?post=514"}],"version-history":[{"count":35,"href":"https:\/\/www.kj-valentin.at\/wp_pfarrevalentin\/wp-json\/wp\/v2\/pages\/514\/revisions"}],"predecessor-version":[{"id":16793,"href":"https:\/\/www.kj-valentin.at\/wp_pfarrevalentin\/wp-json\/wp\/v2\/pages\/514\/revisions\/16793"}],"wp:attachment":[{"href":"https:\/\/www.kj-valentin.at\/wp_pfarrevalentin\/wp-json\/wp\/v2\/media?parent=514"}],"curies":[{"name":"wp","href":"https:\/\/api.w.org\/{rel}","templated":true}]}}