{"id":5580,"date":"2014-11-01T22:39:40","date_gmt":"2014-11-01T21:39:40","guid":{"rendered":"http:\/\/www.kj-valentin.at\/wp\/?page_id=5580"},"modified":"2020-10-24T20:25:39","modified_gmt":"2020-10-24T19:25:39","slug":"taize","status":"publish","type":"page","link":"https:\/\/www.kj-valentin.at\/wp\/taize\/","title":{"rendered":"Taiz\u00e9-Gebete"},"content":{"rendered":"\n<figure class=\"wp-block-image size-large\"><img decoding=\"async\" loading=\"lazy\" width=\"1024\" height=\"739\" src=\"https:\/\/www.kj-valentin.at\/wp\/wp-content\/uploads\/2020\/10\/TaizeONtour2021-1024x739.jpg\" alt=\"\" class=\"wp-image-12901\" srcset=\"https:\/\/www.kj-valentin.at\/wp\/wp-content\/uploads\/2020\/10\/TaizeONtour2021-1024x739.jpg 1024w, https:\/\/www.kj-valentin.at\/wp\/wp-content\/uploads\/2020\/10\/TaizeONtour2021-300x216.jpg 300w, https:\/\/www.kj-valentin.at\/wp\/wp-content\/uploads\/2020\/10\/TaizeONtour2021-768x554.jpg 768w, https:\/\/www.kj-valentin.at\/wp\/wp-content\/uploads\/2020\/10\/TaizeONtour2021-1536x1108.jpg 1536w, https:\/\/www.kj-valentin.at\/wp\/wp-content\/uploads\/2020\/10\/TaizeONtour2021.jpg 1608w\" sizes=\"(max-width: 1024px) 100vw, 1024px\" \/><figcaption>Plakat: M. Sattelberger, 2020<\/figcaption><\/figure>\n\n\n\n<figure class=\"wp-block-image size-large\"><img decoding=\"async\" loading=\"lazy\" width=\"1024\" height=\"768\" src=\"https:\/\/www.kj-valentin.at\/wp\/wp-content\/uploads\/2020\/10\/TaizeGebetLangenhart2020-1024x768.jpg\" alt=\"\" class=\"wp-image-12902\" srcset=\"https:\/\/www.kj-valentin.at\/wp\/wp-content\/uploads\/2020\/10\/TaizeGebetLangenhart2020-1024x768.jpg 1024w, https:\/\/www.kj-valentin.at\/wp\/wp-content\/uploads\/2020\/10\/TaizeGebetLangenhart2020-300x225.jpg 300w, https:\/\/www.kj-valentin.at\/wp\/wp-content\/uploads\/2020\/10\/TaizeGebetLangenhart2020-768x576.jpg 768w, https:\/\/www.kj-valentin.at\/wp\/wp-content\/uploads\/2020\/10\/TaizeGebetLangenhart2020-840x630.jpg 840w, https:\/\/www.kj-valentin.at\/wp\/wp-content\/uploads\/2020\/10\/TaizeGebetLangenhart2020-440x330.jpg 440w, https:\/\/www.kj-valentin.at\/wp\/wp-content\/uploads\/2020\/10\/TaizeGebetLangenhart2020.jpg 1440w\" sizes=\"(max-width: 1024px) 100vw, 1024px\" \/><figcaption>Taize-Gebet &#8222;on Tour&#8220; in der Pfarrkirche Langenhart, 2020<\/figcaption><\/figure>\n\n\n\n<div class=\"wp-block-image\"><figure class=\"aligncenter\"><img decoding=\"async\" loading=\"lazy\" width=\"1024\" height=\"413\" src=\"https:\/\/www.kj-valentin.at\/wp\/wp-content\/uploads\/2019\/09\/TaizeGebetKircheBuntSept2019-1024x413.jpg\" alt=\"\" class=\"wp-image-12047\" srcset=\"https:\/\/www.kj-valentin.at\/wp\/wp-content\/uploads\/2019\/09\/TaizeGebetKircheBuntSept2019-1024x413.jpg 1024w, https:\/\/www.kj-valentin.at\/wp\/wp-content\/uploads\/2019\/09\/TaizeGebetKircheBuntSept2019-300x121.jpg 300w, https:\/\/www.kj-valentin.at\/wp\/wp-content\/uploads\/2019\/09\/TaizeGebetKircheBuntSept2019-768x310.jpg 768w, https:\/\/www.kj-valentin.at\/wp\/wp-content\/uploads\/2019\/09\/TaizeGebetKircheBuntSept2019.jpg 1279w\" sizes=\"(max-width: 1024px) 100vw, 1024px\" \/><figcaption>Foto: Kirche-Bunt St. P\u00f6ltner Kirchenzeitung, Herbst 2019<\/figcaption><\/figure><\/div>\n\n\n\n<figure class=\"wp-block-gallery columns-2 is-cropped wp-block-gallery-1 is-layout-flex\"><ul class=\"blocks-gallery-grid\"><li class=\"blocks-gallery-item\"><figure><img decoding=\"async\" loading=\"lazy\" width=\"1024\" height=\"683\" src=\"https:\/\/www.kj-valentin.at\/wp\/wp-content\/uploads\/2020\/02\/KerzenMarienschwestern2020-1024x683.jpg\" alt=\"\" data-id=\"12330\" data-full-url=\"https:\/\/www.kj-valentin.at\/wp\/wp-content\/uploads\/2020\/02\/KerzenMarienschwestern2020.jpg\" data-link=\"https:\/\/www.kj-valentin.at\/wp\/ihr-seid-licht-salz-und-eine-stadt-am-berg\/kerzenmarienschwestern2020\/\" class=\"wp-image-12330\" srcset=\"https:\/\/www.kj-valentin.at\/wp\/wp-content\/uploads\/2020\/02\/KerzenMarienschwestern2020-1024x683.jpg 1024w, https:\/\/www.kj-valentin.at\/wp\/wp-content\/uploads\/2020\/02\/KerzenMarienschwestern2020-300x200.jpg 300w, https:\/\/www.kj-valentin.at\/wp\/wp-content\/uploads\/2020\/02\/KerzenMarienschwestern2020-768x512.jpg 768w, https:\/\/www.kj-valentin.at\/wp\/wp-content\/uploads\/2020\/02\/KerzenMarienschwestern2020-1536x1024.jpg 1536w, https:\/\/www.kj-valentin.at\/wp\/wp-content\/uploads\/2020\/02\/KerzenMarienschwestern2020.jpg 1680w\" sizes=\"(max-width: 1024px) 100vw, 1024px\" \/><\/figure><\/li><li class=\"blocks-gallery-item\"><figure><img decoding=\"async\" loading=\"lazy\" width=\"1024\" height=\"762\" src=\"https:\/\/www.kj-valentin.at\/wp\/wp-content\/uploads\/2020\/01\/TaizeGebetMarienschwestern2020-1024x762.jpg\" alt=\"\" data-id=\"12297\" data-full-url=\"https:\/\/www.kj-valentin.at\/wp\/wp-content\/uploads\/2020\/01\/TaizeGebetMarienschwestern2020.jpg\" data-link=\"https:\/\/www.kj-valentin.at\/wp\/taizegebet-on-tour-bei-den-marienschwestern\/taizegebetmarienschwestern2020\/\" class=\"wp-image-12297\" srcset=\"https:\/\/www.kj-valentin.at\/wp\/wp-content\/uploads\/2020\/01\/TaizeGebetMarienschwestern2020-1024x762.jpg 1024w, https:\/\/www.kj-valentin.at\/wp\/wp-content\/uploads\/2020\/01\/TaizeGebetMarienschwestern2020-300x223.jpg 300w, https:\/\/www.kj-valentin.at\/wp\/wp-content\/uploads\/2020\/01\/TaizeGebetMarienschwestern2020-768x572.jpg 768w, https:\/\/www.kj-valentin.at\/wp\/wp-content\/uploads\/2020\/01\/TaizeGebetMarienschwestern2020.jpg 1440w\" sizes=\"(max-width: 1024px) 100vw, 1024px\" \/><\/figure><\/li><\/ul><figcaption class=\"blocks-gallery-caption\">Taize-Gebet &#8222;on tour&#8220; in der Hauskapelle der Marienschwestern in Klein Erla <\/figcaption><\/figure>\n\n\n\n<figure class=\"wp-block-image\"><img decoding=\"async\" loading=\"lazy\" width=\"300\" height=\"188\" src=\"https:\/\/www.kj-valentin.at\/wp\/wp-content\/uploads\/2019\/01\/O\u00d6N-Taizeartikel2019-300x188.jpg\" alt=\"\" class=\"wp-image-11454\" srcset=\"https:\/\/www.kj-valentin.at\/wp\/wp-content\/uploads\/2019\/01\/O\u00d6N-Taizeartikel2019-300x188.jpg 300w, https:\/\/www.kj-valentin.at\/wp\/wp-content\/uploads\/2019\/01\/O\u00d6N-Taizeartikel2019-768x482.jpg 768w, https:\/\/www.kj-valentin.at\/wp\/wp-content\/uploads\/2019\/01\/O\u00d6N-Taizeartikel2019-1024x642.jpg 1024w, https:\/\/www.kj-valentin.at\/wp\/wp-content\/uploads\/2019\/01\/O\u00d6N-Taizeartikel2019-840x525.jpg 840w, https:\/\/www.kj-valentin.at\/wp\/wp-content\/uploads\/2019\/01\/O\u00d6N-Taizeartikel2019-200x125.jpg 200w, https:\/\/www.kj-valentin.at\/wp\/wp-content\/uploads\/2019\/01\/O\u00d6N-Taizeartikel2019-440x275.jpg 440w, https:\/\/www.kj-valentin.at\/wp\/wp-content\/uploads\/2019\/01\/O\u00d6N-Taizeartikel2019.jpg 1998w\" sizes=\"(max-width: 300px) 100vw, 300px\" \/><\/figure>\n\n\n\n<figure class=\"wp-block-image\"><img decoding=\"async\" loading=\"lazy\" width=\"300\" height=\"200\" src=\"https:\/\/www.kj-valentin.at\/wp\/wp-content\/uploads\/2019\/01\/TG4-300x200.jpg\" alt=\"\" class=\"wp-image-11432\" srcset=\"https:\/\/www.kj-valentin.at\/wp\/wp-content\/uploads\/2019\/01\/TG4-300x200.jpg 300w, https:\/\/www.kj-valentin.at\/wp\/wp-content\/uploads\/2019\/01\/TG4-768x512.jpg 768w, https:\/\/www.kj-valentin.at\/wp\/wp-content\/uploads\/2019\/01\/TG4-1024x683.jpg 1024w, https:\/\/www.kj-valentin.at\/wp\/wp-content\/uploads\/2019\/01\/TG4.jpg 1333w\" sizes=\"(max-width: 300px) 100vw, 300px\" \/><\/figure>\n\n\n\n<figure class=\"wp-block-image\"><img decoding=\"async\" loading=\"lazy\" width=\"300\" height=\"132\" src=\"https:\/\/www.kj-valentin.at\/wp\/wp-content\/uploads\/2019\/01\/TaizeGebetOlympiaSeelsorger2019-300x132.jpg\" alt=\"\" class=\"wp-image-11431\" srcset=\"https:\/\/www.kj-valentin.at\/wp\/wp-content\/uploads\/2019\/01\/TaizeGebetOlympiaSeelsorger2019-300x132.jpg 300w, https:\/\/www.kj-valentin.at\/wp\/wp-content\/uploads\/2019\/01\/TaizeGebetOlympiaSeelsorger2019-768x337.jpg 768w, https:\/\/www.kj-valentin.at\/wp\/wp-content\/uploads\/2019\/01\/TaizeGebetOlympiaSeelsorger2019.jpg 1011w\" sizes=\"(max-width: 300px) 100vw, 300px\" \/><\/figure>\n\n\n\n<figure class=\"wp-block-image\"><img decoding=\"async\" loading=\"lazy\" width=\"752\" height=\"1024\" src=\"http:\/\/www.kj-valentin.at\/wp\/wp-content\/uploads\/2018\/03\/TaizePlakatRottenschlager2018-752x1024.jpg\" alt=\"\" class=\"wp-image-10449\" srcset=\"https:\/\/www.kj-valentin.at\/wp\/wp-content\/uploads\/2018\/03\/TaizePlakatRottenschlager2018-752x1024.jpg 752w, https:\/\/www.kj-valentin.at\/wp\/wp-content\/uploads\/2018\/03\/TaizePlakatRottenschlager2018-220x300.jpg 220w, https:\/\/www.kj-valentin.at\/wp\/wp-content\/uploads\/2018\/03\/TaizePlakatRottenschlager2018-768x1045.jpg 768w, https:\/\/www.kj-valentin.at\/wp\/wp-content\/uploads\/2018\/03\/TaizePlakatRottenschlager2018.jpg 778w\" sizes=\"(max-width: 752px) 100vw, 752px\" \/><\/figure>\n\n\n\n<figure class=\"wp-block-embed-youtube wp-block-embed is-type-video is-provider-youtube wp-embed-aspect-16-9 wp-has-aspect-ratio\"><div class=\"wp-block-embed__wrapper\">\n<iframe loading=\"lazy\" title=\"Taiz\u00e9 - Wohnungen der G\u00f6tter (Doku, 2004)\" width=\"840\" height=\"473\" src=\"https:\/\/www.youtube.com\/embed\/ZQB9vu-JKsU?feature=oembed\" frameborder=\"0\" allow=\"accelerometer; autoplay; clipboard-write; encrypted-media; gyroscope; picture-in-picture\" allowfullscreen><\/iframe>\n<\/div><\/figure>\n\n\n\n<p><big><strong>Im franz\u00f6sischen S\u00fcdburgund liegt in der N\u00e4he der Stadt Cluny<\/strong> (hier gab es im Mittelalter die gr\u00f6\u00dfte Kathedrale der Welt) <strong>das kleine, aber weltbekannte Dorf Taiz\u00e9.<\/strong> Im Jahre 1940 wurde hier die <em>Communaut\u00e9 de Taiz\u00e9<\/em>, eine \u00f6kumenische Bruderschaft, von Fr\u00e8re Roger gegr\u00fcndet. Der Bruderschaft geh\u00f6ren heute \u00fcber 100 M\u00e4nner an, die aus allen Erdteilen und unterschiedlichen christlichen Konfessionen stammen. Die <em>Communaut\u00e9 de Taiz\u00e9<\/em> nimmt keine Spenden oder Geschenke an, sondern erwirtschaftet ihren Lebensunterhalt ausschlie\u00dflich mit dem Erl\u00f6s ihrer Arbeit. Einige Br\u00fcder leben in den \u00e4rmsten Regionen unseres Planeten und wirken dort als <em>&#8222;Zeugen des Friedens&#8220;<\/em> an der Seite leidender Menschen.<\/big><\/p>\n\n\n\n<p><big><strong>Fr\u00e8re Roger<\/strong> engagiert sich seit langem f\u00fcr eine Ann\u00e4herung der unterschiedlichen christlichen Kirchen. Papst Johannes-Paul II, zahlreiche Erzbisch\u00f6fe, orthodoxe Metropoliten, katholische und lutherische Bisch\u00f6fe sowie j\u00fcdische Rabbis waren schon bei der Bruderschaft zu Gast.<\/big><\/p>\n\n\n\n<p><big><strong>Seit den 50er Jahren reisen Jugendliche<\/strong>, aber auch erwachsene Menschen aus aller Welt nach Taiz\u00e9, um dort f\u00fcr einige Tage oder eine Woche gemeinsam zu beten, zu arbeiten und Gemeinschaft zu erfahren. In den Sommermonaten gleicht der von mehreren tausend meist jungen Menschen bev\u00f6lkerte &#8222;H\u00fcgel&#8220; einer riesigen Zeltstadt. Trotz der hohen Besucherzahl l\u00e4uft das Leben dank einer guten Organisation und der Bereitschaft aller, mit &#8222;anzufassen&#8220;, in geregelten Bahnen. Zudem finden die Stille Suchenden auf dem gro\u00dfen Gel\u00e4nde gen\u00fcgend M\u00f6glichkeiten zur inneren Einkehr und Meditation.<\/big><\/p>\n\n\n\n<p><big>Das Besondere, das jeder erlebt, der einmal in Taiz\u00e9 war, den <em>&#8222;Geist von Taiz\u00e9&#8220;<\/em>, kann man allerdings nicht beschreiben &#8211; man muss es selbst erlebt haben.<\/big><\/p>\n\n\n\n<figure class=\"wp-block-image\"><a href=\"http:\/\/www.kj-valentin.at\/wp\/wp-content\/uploads\/2015\/10\/Taizelichter-e1446328486914.jpg\"><img decoding=\"async\" loading=\"lazy\" width=\"1368\" height=\"901\" src=\"http:\/\/www.kj-valentin.at\/wp\/wp-content\/uploads\/2015\/10\/Taizelichter-e1446328486914.jpg\" alt=\"Taizelichter\" class=\"wp-image-7068\" srcset=\"https:\/\/www.kj-valentin.at\/wp\/wp-content\/uploads\/2015\/10\/Taizelichter-e1446328486914.jpg 1368w, https:\/\/www.kj-valentin.at\/wp\/wp-content\/uploads\/2015\/10\/Taizelichter-e1446328486914-300x198.jpg 300w, https:\/\/www.kj-valentin.at\/wp\/wp-content\/uploads\/2015\/10\/Taizelichter-e1446328486914-1024x674.jpg 1024w\" sizes=\"(max-width: 1368px) 100vw, 1368px\" \/><\/a><\/figure>\n\n\n\n<p><strong>Ein Jugendlicher schreibt:<\/strong><\/p>\n\n\n\n<h1 class=\"wp-block-heading\"><strong>Ferien in Taiz\u00e9???<\/strong><\/h1>\n\n\n\n<p>Ein Widerspruch in sich, schlie\u00dflich besucht kaum jemand das D\u00f6rfchen im franz\u00f6sischen Burgund, um dort Urlaub zu machen. Taiz\u00e9 kann n\u00e4mlich ganz sch\u00f6n anstrengend sein. Und doch ist der Ort ein Besuchermagnet. Angezogen von der wachsenden Ausstrahlung der \u00f6kumenischen Gemeinschaft kommen Jahr f\u00fcr Jahr tausende von Jugendlichen und jungen Erwachsenen, um hier Erfahrungen zu sammeln, wie sie sie offenbar nirgendwo sonst machen k\u00f6nnen.<br>Die beste Methode, das Ph\u00e4nomen Taiz\u00e9 zu verstehen, ist die: einfach einen typischen Tag hier mitleben und miterleben. Wie sieht so ein Tag am Ort des Geschehens aus? Morgens verl\u00e4\u00dft man seine Baracke, duscht &#8211; meistens unfreiwillig eiskalt &#8211; und geht zum Morgengebet um viertel nach acht.<br>Eine erste \u00dcberraschung f\u00fcr den Neuank\u00f6mmling ist die Kirche selbst, die gar nicht wie eine Kirche aussieht. Von au\u00dfen glaubt man, vor einer Fabrik oder der Attrappe eines Wildwest-Saloons zu stehen, je nachdem von welcher Seite man hinschaut.<br>Wer die Fassade verdaut und den Raum betreten hat, f\u00fchlt sein Bild von Kirche erneut ersch\u00fcttert, denn es ist nichts zu sehen, was eben in eine normale Kirche geh\u00f6rt: keine B\u00e4nke &#8211; man sitzt auf dem Boden -, keine Bilder oder Statuen, kein klar erkennbarer Altar. Daf\u00fcr da\u00df das Geb\u00e4ude gerade mal vier Meter hoch ist, strahlt es eine \u00fcberraschend warme Atmosph\u00e4re aus. Beruhigende Stille. Obwohl oft mehrere tausend Jugendliche in der Kirche sitzen, k\u00f6nnte man eine Stecknadel fallen h\u00f6ren, w\u00e4re nicht der Boden mit Teppich bedeckt.<br>Alles ist einfach in Taiz\u00e9, auch das Fr\u00fchst\u00fcck. Es gibt zwei oder drei Scheiben Baguettes, Wasserkakao und ein P\u00e4ckchen Butter. Nach dieser &#8222;St\u00e4rkung&#8220; steht ein Bibelgespr\u00e4ch auf dem Programm. Zuerst f\u00fchrt einer der Br\u00fcder der Communaut\u00e9 in den Bibeltext des Tages ein, danach schlie\u00dft sich eine Diskussion in Kleingruppen an. Junge Leute aus aller Herren L\u00e4nder sitzen in diesen Gruppen zusammen, und so ergibt sich eine interessante Kommunikation. Meist l\u00e4uft alles auf Englisch, vermischt mit W\u00f6rtern aus anderen Sprachen. Weil es oft schwerf\u00e4llt, die richtigen W\u00f6rter zu finden, mu\u00df vieles umschrieben werden. Doch gerade das ist reizvoll.<br>Nach dem Mittagsgebet gibt es Mittagessen, das wie alle Mahlzeiten hier sehr gew\u00f6hnungsbed\u00fcrftig ist: relativ kleine Portionen, als Besteck nur ein L\u00f6ffel. Typisch auch, da\u00df das Essen oft kalt ist, denn hier hei\u00dft es, sich auf das N\u00f6tigste zu beschr\u00e4nken. Das merkt der Gast sogar in den Baracken, Duschen und Toiletten. Unterschiedliche Arbeitsgruppen-Angebote f\u00fcllen den Nachmittag aus.<br>Nach dem Abendessen bleibt noch etwas freie Zeit bis zum Abendgebet in der Kirche. Nach dem Gebet wird&#8217;s dann nochmal richtig gem\u00fctlich. Man trifft sich am Oyak, wo man zum Beispiel auch eine Pizza kaufen kann. Hier bilden sich schnell Gr\u00fcppchen um diejenigen, die Gitarren mitgebracht haben, und manchmal singen mehrere Gruppen mit je 30 Jugendichen gegeneinander an.<br>Einen wichtigen Reiz machen auch die Ges\u00e4nge in der Kirche aus. Sie sind fast jedem schon ein Begriff, ja mit &#8222;Taiz\u00e9&#8220; assoziiert man sofort bestimmte Kl\u00e4nge. Die Taiz\u00e9-Ges\u00e4nge bestehen immer aus lediglich einer Strophe, die leicht zu merken ist. Sie wird sehr oft &#8211; manchmal \u00fcber hundertmal &#8211; wiederholt, w\u00e4hrend sich nur die durch das Mikrophon gesungene Oberstimme \u00e4ndert. Auf unsere Frage, wieso das so sei, erkl\u00e4rte einer der Br\u00fcder: &#8222;Wenn man ein Lied so oft singt, schleift es sich ein; man mu\u00df sich nicht auf das Singen konzentrieren. Der Gesang hilft also dabei, mit dem Herzen zu beten.&#8220; Die Frage, warum Taiz\u00e9 eigentlich so fasziniert, k\u00f6nnen selbst diejenigen, die schon mehrmals dort waren, nicht unbedingt mit einem Satz beantworten. Vielleicht sind es die Ges\u00e4nge, vielleicht ist es die Art der Gebete, vielleicht liegt es auch an der internationalen Atmosph\u00e4re oder an der Offenheit der Jugendlichen untereinander. Es mu\u00df wohl einen &#8222;guten Geist von Taiz\u00e9&#8220; geben. <strong>Aber den sp\u00fcrt ihr halt nur, wenn ihr wirklich an Ort und Stelle seid.<\/strong><\/p>\n\n\n\n<figure class=\"wp-block-image\"><img decoding=\"async\" loading=\"lazy\" width=\"1024\" height=\"683\" src=\"http:\/\/www.kj-valentin.at\/wp\/wp-content\/uploads\/2018\/03\/Taize001-1024x683.jpg\" alt=\"\" class=\"wp-image-10448\" srcset=\"https:\/\/www.kj-valentin.at\/wp\/wp-content\/uploads\/2018\/03\/Taize001-1024x683.jpg 1024w, https:\/\/www.kj-valentin.at\/wp\/wp-content\/uploads\/2018\/03\/Taize001-300x200.jpg 300w, https:\/\/www.kj-valentin.at\/wp\/wp-content\/uploads\/2018\/03\/Taize001-768x512.jpg 768w, https:\/\/www.kj-valentin.at\/wp\/wp-content\/uploads\/2018\/03\/Taize001.jpg 1705w\" sizes=\"(max-width: 1024px) 100vw, 1024px\" \/><\/figure>\n\n\n\n<figure class=\"wp-block-embed-youtube wp-block-embed is-type-video is-provider-youtube wp-embed-aspect-16-9 wp-has-aspect-ratio\"><div class=\"wp-block-embed__wrapper\">\n<iframe loading=\"lazy\" title=\"El Senyor - Taiz\u00e9 in St. Valentin\" width=\"840\" height=\"473\" src=\"https:\/\/www.youtube.com\/embed\/Fv2-qzl96jU?feature=oembed\" frameborder=\"0\" allow=\"accelerometer; autoplay; clipboard-write; encrypted-media; gyroscope; picture-in-picture\" allowfullscreen><\/iframe>\n<\/div><\/figure>\n\n\n\n<figure class=\"wp-block-embed-youtube wp-block-embed is-type-video is-provider-youtube wp-embed-aspect-16-9 wp-has-aspect-ratio\"><div class=\"wp-block-embed__wrapper\">\n<iframe loading=\"lazy\" title=\"Magnificat anima mea Dominum\" width=\"840\" height=\"473\" src=\"https:\/\/www.youtube.com\/embed\/GzjAGSuxSOE?feature=oembed\" frameborder=\"0\" allow=\"accelerometer; autoplay; clipboard-write; encrypted-media; gyroscope; picture-in-picture\" allowfullscreen><\/iframe>\n<\/div><\/figure>\n\n\n\n<p><strong>&#8222;Jubl\u00e4ums-Taizegebet-10-Jahre&#8220;:<\/strong> 18. September 2016 um 19 Uhr mit Emmausgr\u00fcnder Karl Rottenschlager<\/p>\n\n\n\n<div class=\"text_exposed_root text_exposed\" id=\"id_57d5762990d9e8a99877201\">\n<p><strong>10 Jahre Taiz\u00e9-Gebet St. Valentin: hochpopul\u00e4r unter Jugendlichen<\/strong><\/p>\n<p>&#8222;Am Sonntag, 18. September, 19 Uhr, feiert das Taiz\u00e9-Gebet im Pfarrhof St. Valentin das 10-Jahr-Jubil\u00e4um. Dieses gilt bei der Jugend und Junggebliebenen im Mostviertel als sehr popul\u00e4r, immer wieder wurden auch prominente Impulsgeber wie etwa die Bisch\u00f6fe Klaus K\u00fcng, Anton Leichtfried oder Ludwig Schwarz eingeladen.<br>Seit mittlerweile 10 Jahren gibt es in der Pfarre St. Valentin alle 2 Monate dieses Angebot. Am <span class=\"text_exposed_hide\">&#8230;<\/span><span class=\"text_exposed_show\">10. September wird Katharina Brandstetter den Teilnehmerinnen und Teilnehmern von ihrem Bezug zu Taiz\u00e9 und ihrer Begeisterung dar\u00fcber erz\u00e4hlen. Die Pastoralassistentin aus Steyr ist sehr innovativ und probiert gerne Neues aus. So reiste sie mit zu den Mega-Maturareisen (Summer Splash) in die T\u00fcrkei, wo sie als als Seelsorgerin wirkte.<br>\u201eSelbstverst\u00e4ndlich gibt es nach dem Gebet ein kleines Fest, mit Geburtstagstorte f\u00fcr alle\u201c, so die Initiatoren Michaela Lugmaier, Pfarrer Hans Zarl und Diakon Manuel Sattelberger. Sie betonen: \u201eWir freuen uns, dass das Taiz\u00e9-Gebet mit seiner wunderbaren Atmosph\u00e4re und Spiritualit\u00e4t weiterhin so gro\u00dfartig angenommen wird.\u201c Viele nieder\u00f6sterreichische Jugendliche begeistert sein Wirken, die Taiz\u00e9-Spiritualit\u00e4t und die charakteristischen Ges\u00e4nge. Mehrere Gruppen aus Nieder\u00f6sterreich fahren im Sommer zu seiner Wirkungsst\u00e4tte ins franz\u00f6sischen Taiz\u00e9, wo sie Tausende weitere junge Christen aus aller Welt treffen. <\/span><em>Fotos u. Text (Mag. Wolfgang Zarl &#8211; Referat f\u00fcr Kommunikation der Di\u00f6zese St. P\u00f6lten): Taiz\u00e9-Gebet in St. Valentin<\/em><\/p>\n<\/div>\n\n\n\n<figure class=\"wp-block-image\"><img decoding=\"async\" loading=\"lazy\" width=\"2048\" height=\"1364\" src=\"http:\/\/www.kj-valentin.at\/wp\/wp-content\/uploads\/2014\/11\/TaizeMai2017fb.jpg\" alt=\"\" class=\"wp-image-9537\" srcset=\"https:\/\/www.kj-valentin.at\/wp\/wp-content\/uploads\/2014\/11\/TaizeMai2017fb.jpg 2048w, https:\/\/www.kj-valentin.at\/wp\/wp-content\/uploads\/2014\/11\/TaizeMai2017fb-300x200.jpg 300w, https:\/\/www.kj-valentin.at\/wp\/wp-content\/uploads\/2014\/11\/TaizeMai2017fb-768x512.jpg 768w, https:\/\/www.kj-valentin.at\/wp\/wp-content\/uploads\/2014\/11\/TaizeMai2017fb-1024x682.jpg 1024w\" sizes=\"(max-width: 2048px) 100vw, 2048px\" \/><\/figure>\n\n\n\n<figure class=\"wp-block-image\"><img decoding=\"async\" loading=\"lazy\" width=\"2048\" height=\"1365\" src=\"http:\/\/www.kj-valentin.at\/wp\/wp-content\/uploads\/2014\/11\/TaizeMai2fb.jpg\" alt=\"\" class=\"wp-image-9538\" srcset=\"https:\/\/www.kj-valentin.at\/wp\/wp-content\/uploads\/2014\/11\/TaizeMai2fb.jpg 2048w, https:\/\/www.kj-valentin.at\/wp\/wp-content\/uploads\/2014\/11\/TaizeMai2fb-300x200.jpg 300w, https:\/\/www.kj-valentin.at\/wp\/wp-content\/uploads\/2014\/11\/TaizeMai2fb-768x512.jpg 768w, https:\/\/www.kj-valentin.at\/wp\/wp-content\/uploads\/2014\/11\/TaizeMai2fb-1024x683.jpg 1024w\" sizes=\"(max-width: 2048px) 100vw, 2048px\" \/><\/figure>\n\n\n\n<figure class=\"wp-block-image\"><img decoding=\"async\" loading=\"lazy\" width=\"2048\" height=\"1365\" src=\"http:\/\/www.kj-valentin.at\/wp\/wp-content\/uploads\/2014\/11\/TaizeMai3fb.jpg\" alt=\"\" class=\"wp-image-9539\" srcset=\"https:\/\/www.kj-valentin.at\/wp\/wp-content\/uploads\/2014\/11\/TaizeMai3fb.jpg 2048w, https:\/\/www.kj-valentin.at\/wp\/wp-content\/uploads\/2014\/11\/TaizeMai3fb-300x200.jpg 300w, https:\/\/www.kj-valentin.at\/wp\/wp-content\/uploads\/2014\/11\/TaizeMai3fb-768x512.jpg 768w, https:\/\/www.kj-valentin.at\/wp\/wp-content\/uploads\/2014\/11\/TaizeMai3fb-1024x683.jpg 1024w\" sizes=\"(max-width: 2048px) 100vw, 2048px\" \/><\/figure>\n\n\n\n<p><b>Der 26. M\u00e4rz 2017, wird wohl vielen von uns noch lange&nbsp;in Erinnerung bleiben.<\/b> <em>Warum?<\/em> Weil wir <strong>einen ganz besonderen Menschen<\/strong>, im Rahmen&nbsp;des M\u00e4rz-Taizegebetes kennen lernen durften, den <strong>Evangelischen Superintendenten von N\u00d6, <em>Lars M\u00fcller-Marienburg<\/em><\/strong>! Im <strong>Luther-Gedenkjahr<\/strong>, war es uns ein Herzensanliegen, mit einem <strong>evangelischen Geistlichen<\/strong> unser Taizegebet zu feiern und ihn um die Predigt zu bitten. Lars M\u00fcller-Marienburg ist unserer Einladung gefolgt und er hat <strong>mit seiner sympathischen Art, unsere Herzen und Seelen ber\u00fchrt!<\/strong>&nbsp;<em>Lieber Lars, ich darf ja zu dir \u201eDu\u201c sagen: Danke f\u00fcr deine Da-Sein bei uns in St. Valentin und f\u00fcr deine&nbsp;bewegende Predigt \u00fcber die Liebe zu Jesus! &nbsp;<\/em><\/p>\n\n\n\n<p>Ein <strong>\u201eDanke!\u201c an meine Mitorganisatorin Michaela Lugmaier<\/strong>, unser <em>Musik-Team Kathi, Andrea und Schmidi<\/em> und an unser <em>\u201eRaum-Team\u201c Salli und Juliane<\/em>! Danke an Herrn <strong>PGR<\/strong> <strong>Hanspeter Lechner und Mag. Wolfgang Zarl<\/strong>&nbsp;f\u00fcr die Fotos!<\/p>\n\n\n\n<figure class=\"wp-block-image\"><img decoding=\"async\" loading=\"lazy\" width=\"2048\" height=\"1155\" src=\"http:\/\/www.kj-valentin.at\/wp\/wp-content\/uploads\/2017\/03\/TaizeGebetSuperintendent2017.jpg\" alt=\"\" class=\"wp-image-9333\" srcset=\"https:\/\/www.kj-valentin.at\/wp\/wp-content\/uploads\/2017\/03\/TaizeGebetSuperintendent2017.jpg 2048w, https:\/\/www.kj-valentin.at\/wp\/wp-content\/uploads\/2017\/03\/TaizeGebetSuperintendent2017-300x169.jpg 300w, https:\/\/www.kj-valentin.at\/wp\/wp-content\/uploads\/2017\/03\/TaizeGebetSuperintendent2017-768x433.jpg 768w, https:\/\/www.kj-valentin.at\/wp\/wp-content\/uploads\/2017\/03\/TaizeGebetSuperintendent2017-1024x578.jpg 1024w\" sizes=\"(max-width: 2048px) 100vw, 2048px\" \/><\/figure>\n\n\n\n<figure class=\"wp-block-image\"><img decoding=\"async\" loading=\"lazy\" width=\"2048\" height=\"1483\" src=\"http:\/\/www.kj-valentin.at\/wp\/wp-content\/uploads\/2017\/03\/IMG_0021-1.jpg\" alt=\"\" class=\"wp-image-9336\" srcset=\"https:\/\/www.kj-valentin.at\/wp\/wp-content\/uploads\/2017\/03\/IMG_0021-1.jpg 2048w, https:\/\/www.kj-valentin.at\/wp\/wp-content\/uploads\/2017\/03\/IMG_0021-1-300x217.jpg 300w, https:\/\/www.kj-valentin.at\/wp\/wp-content\/uploads\/2017\/03\/IMG_0021-1-768x556.jpg 768w, https:\/\/www.kj-valentin.at\/wp\/wp-content\/uploads\/2017\/03\/IMG_0021-1-1024x742.jpg 1024w\" sizes=\"(max-width: 2048px) 100vw, 2048px\" \/><\/figure>\n\n\n\n<figure class=\"wp-block-image\"><a href=\"http:\/\/www.kj-valentin.at\/wp\/wp-content\/uploads\/2015\/03\/Taize-Gebet-mit-Bischof-Schwarz1.jpg\"><img decoding=\"async\" loading=\"lazy\" width=\"2048\" height=\"1363\" src=\"http:\/\/www.kj-valentin.at\/wp\/wp-content\/uploads\/2015\/03\/Taize-Gebet-mit-Bischof-Schwarz1.jpg\" alt=\"Taize-Gebet mit Bischof Schwarz1\" class=\"wp-image-6173\" srcset=\"https:\/\/www.kj-valentin.at\/wp\/wp-content\/uploads\/2015\/03\/Taize-Gebet-mit-Bischof-Schwarz1.jpg 2048w, https:\/\/www.kj-valentin.at\/wp\/wp-content\/uploads\/2015\/03\/Taize-Gebet-mit-Bischof-Schwarz1-300x200.jpg 300w, https:\/\/www.kj-valentin.at\/wp\/wp-content\/uploads\/2015\/03\/Taize-Gebet-mit-Bischof-Schwarz1-1024x682.jpg 1024w\" sizes=\"(max-width: 2048px) 100vw, 2048px\" \/><\/a><\/figure>\n\n\n\n<figure class=\"wp-block-image\"><a href=\"http:\/\/www.kj-valentin.at\/wp\/wp-content\/uploads\/2014\/11\/Taize_St.-Valentin10.jpg\"><img decoding=\"async\" loading=\"lazy\" width=\"1500\" height=\"998\" src=\"http:\/\/www.kj-valentin.at\/wp\/wp-content\/uploads\/2014\/11\/Taize_St.-Valentin10.jpg\" alt=\"Taize_St. Valentin10\" class=\"wp-image-5583\" srcset=\"https:\/\/www.kj-valentin.at\/wp\/wp-content\/uploads\/2014\/11\/Taize_St.-Valentin10.jpg 1500w, https:\/\/www.kj-valentin.at\/wp\/wp-content\/uploads\/2014\/11\/Taize_St.-Valentin10-300x199.jpg 300w, https:\/\/www.kj-valentin.at\/wp\/wp-content\/uploads\/2014\/11\/Taize_St.-Valentin10-1024x681.jpg 1024w\" sizes=\"(max-width: 1500px) 100vw, 1500px\" \/><\/a><\/figure>\n\n\n\n<figure class=\"wp-block-image\"><a href=\"http:\/\/www.kj-valentin.at\/wp\/wp-content\/uploads\/2014\/11\/TaizegebetMitK\u00fcng.jpg\"><img decoding=\"async\" loading=\"lazy\" width=\"721\" height=\"480\" src=\"http:\/\/www.kj-valentin.at\/wp\/wp-content\/uploads\/2014\/11\/TaizegebetMitK\u00fcng.jpg\" alt=\"TaizegebetMitK\u00fcng\" class=\"wp-image-6606\" srcset=\"https:\/\/www.kj-valentin.at\/wp\/wp-content\/uploads\/2014\/11\/TaizegebetMitK\u00fcng.jpg 721w, https:\/\/www.kj-valentin.at\/wp\/wp-content\/uploads\/2014\/11\/TaizegebetMitK\u00fcng-300x200.jpg 300w\" sizes=\"(max-width: 721px) 100vw, 721px\" \/><\/a><\/figure>\n\n\n\n<p><strong>Wir freuen sehr<\/strong>, dass unser Taizegebet immer wieder einmal von <strong>Bisch\u00f6fen und \u00c4bten<\/strong> besucht wird! Es ist sch\u00f6n zu wissen, mit den <strong>Nachfolgern der Apostel<\/strong> zu beten und zu singen! Wir danken Bischof Klaus K\u00fcng (St. P\u00f6lten), Weihbischof Anton Leichtfried (St. P\u00f6lten), Bischof Ludwig Schwarz (Linz) und Abt Petrus Pilsinger (Stift Seitenstetten) besucht haben. <strong>Diesen Abende bleiben uns unvergesslich!<\/strong><\/p>\n\n\n\n<p><strong>Nun einige &#8222;Foto-Eindr\u00fccke&#8220; von unseren Taizegebeten in St. Valentin:<\/strong><\/p>\n\n\n\n<figure class=\"wp-block-image\"><a href=\"http:\/\/www.kj-valentin.at\/wp\/wp-content\/uploads\/2015\/11\/TaizegebetNOVblog2015-e1447623308754.jpg\"><img decoding=\"async\" loading=\"lazy\" width=\"952\" height=\"535\" src=\"http:\/\/www.kj-valentin.at\/wp\/wp-content\/uploads\/2015\/11\/TaizegebetNOVblog2015-e1447623308754.jpg\" alt=\"TaizegebetNOVblog2015\" class=\"wp-image-7196\" srcset=\"https:\/\/www.kj-valentin.at\/wp\/wp-content\/uploads\/2015\/11\/TaizegebetNOVblog2015-e1447623308754.jpg 952w, https:\/\/www.kj-valentin.at\/wp\/wp-content\/uploads\/2015\/11\/TaizegebetNOVblog2015-e1447623308754-300x169.jpg 300w\" sizes=\"(max-width: 952px) 100vw, 952px\" \/><\/a><\/figure>\n\n\n\n<figure class=\"wp-block-image\"><img decoding=\"async\" loading=\"lazy\" width=\"1800\" height=\"1198\" src=\"http:\/\/www.kj-valentin.at\/wp\/wp-content\/uploads\/2014\/11\/Taize-Gebet-St-Valentin.jpg\" alt=\"taize-gebet-st-valentin\" class=\"wp-image-8461\" srcset=\"https:\/\/www.kj-valentin.at\/wp\/wp-content\/uploads\/2014\/11\/Taize-Gebet-St-Valentin.jpg 1800w, https:\/\/www.kj-valentin.at\/wp\/wp-content\/uploads\/2014\/11\/Taize-Gebet-St-Valentin-300x200.jpg 300w, https:\/\/www.kj-valentin.at\/wp\/wp-content\/uploads\/2014\/11\/Taize-Gebet-St-Valentin-768x511.jpg 768w, https:\/\/www.kj-valentin.at\/wp\/wp-content\/uploads\/2014\/11\/Taize-Gebet-St-Valentin-1024x682.jpg 1024w\" sizes=\"(max-width: 1800px) 100vw, 1800px\" \/><\/figure>\n\n\n\n<figure class=\"wp-block-image\"><img decoding=\"async\" loading=\"lazy\" width=\"2000\" height=\"1333\" src=\"http:\/\/www.kj-valentin.at\/wp\/wp-content\/uploads\/2014\/11\/Taize-Gebet2.jpg\" alt=\"taize-gebet2\" class=\"wp-image-8462\" srcset=\"https:\/\/www.kj-valentin.at\/wp\/wp-content\/uploads\/2014\/11\/Taize-Gebet2.jpg 2000w, https:\/\/www.kj-valentin.at\/wp\/wp-content\/uploads\/2014\/11\/Taize-Gebet2-300x200.jpg 300w, https:\/\/www.kj-valentin.at\/wp\/wp-content\/uploads\/2014\/11\/Taize-Gebet2-768x512.jpg 768w, https:\/\/www.kj-valentin.at\/wp\/wp-content\/uploads\/2014\/11\/Taize-Gebet2-1024x682.jpg 1024w\" sizes=\"(max-width: 2000px) 100vw, 2000px\" \/><\/figure>\n\n\n\n<figure class=\"wp-block-image\"><img decoding=\"async\" loading=\"lazy\" width=\"2000\" height=\"1331\" src=\"http:\/\/www.kj-valentin.at\/wp\/wp-content\/uploads\/2014\/11\/Taize-Gebet3.jpg\" alt=\"taize-gebet3\" class=\"wp-image-8463\" srcset=\"https:\/\/www.kj-valentin.at\/wp\/wp-content\/uploads\/2014\/11\/Taize-Gebet3.jpg 2000w, https:\/\/www.kj-valentin.at\/wp\/wp-content\/uploads\/2014\/11\/Taize-Gebet3-300x200.jpg 300w, https:\/\/www.kj-valentin.at\/wp\/wp-content\/uploads\/2014\/11\/Taize-Gebet3-768x511.jpg 768w, https:\/\/www.kj-valentin.at\/wp\/wp-content\/uploads\/2014\/11\/Taize-Gebet3-1024x681.jpg 1024w\" sizes=\"(max-width: 2000px) 100vw, 2000px\" \/><\/figure>\n\n\n\n<figure class=\"wp-block-image\"><img decoding=\"async\" loading=\"lazy\" width=\"1700\" height=\"1133\" src=\"http:\/\/www.kj-valentin.at\/wp\/wp-content\/uploads\/2014\/11\/Taize-Gebet5.jpg\" alt=\"taize-gebet5\" class=\"wp-image-8464\" srcset=\"https:\/\/www.kj-valentin.at\/wp\/wp-content\/uploads\/2014\/11\/Taize-Gebet5.jpg 1700w, https:\/\/www.kj-valentin.at\/wp\/wp-content\/uploads\/2014\/11\/Taize-Gebet5-300x200.jpg 300w, https:\/\/www.kj-valentin.at\/wp\/wp-content\/uploads\/2014\/11\/Taize-Gebet5-768x512.jpg 768w, https:\/\/www.kj-valentin.at\/wp\/wp-content\/uploads\/2014\/11\/Taize-Gebet5-1024x682.jpg 1024w\" sizes=\"(max-width: 1700px) 100vw, 1700px\" \/><\/figure>\n\n\n\n<figure class=\"wp-block-image\"><img decoding=\"async\" loading=\"lazy\" width=\"931\" height=\"626\" src=\"http:\/\/www.kj-valentin.at\/wp\/wp-content\/uploads\/2015\/09\/TaizeMusiker2015-e1442782176862.jpg\" alt=\"TaizeMusiker2015\" class=\"wp-image-6880\" srcset=\"https:\/\/www.kj-valentin.at\/wp\/wp-content\/uploads\/2015\/09\/TaizeMusiker2015-e1442782176862.jpg 931w, https:\/\/www.kj-valentin.at\/wp\/wp-content\/uploads\/2015\/09\/TaizeMusiker2015-e1442782176862-300x202.jpg 300w\" sizes=\"(max-width: 931px) 100vw, 931px\" \/><\/figure>\n\n\n\n<figure class=\"wp-block-image\"><a href=\"http:\/\/www.kj-valentin.at\/wp\/wp-content\/uploads\/2015\/09\/TaizeMusiker2015-e1442782176862.jpg\"><img decoding=\"async\" loading=\"lazy\" width=\"300\" height=\"188\" src=\"https:\/\/www.kj-valentin.at\/wp\/wp-content\/uploads\/2019\/01\/O\u00d6N-Taizeartikel2019-300x188.jpg\" alt=\"\" class=\"wp-image-11454\" srcset=\"https:\/\/www.kj-valentin.at\/wp\/wp-content\/uploads\/2019\/01\/O\u00d6N-Taizeartikel2019-300x188.jpg 300w, https:\/\/www.kj-valentin.at\/wp\/wp-content\/uploads\/2019\/01\/O\u00d6N-Taizeartikel2019-768x482.jpg 768w, https:\/\/www.kj-valentin.at\/wp\/wp-content\/uploads\/2019\/01\/O\u00d6N-Taizeartikel2019-1024x642.jpg 1024w, https:\/\/www.kj-valentin.at\/wp\/wp-content\/uploads\/2019\/01\/O\u00d6N-Taizeartikel2019-840x525.jpg 840w, https:\/\/www.kj-valentin.at\/wp\/wp-content\/uploads\/2019\/01\/O\u00d6N-Taizeartikel2019-200x125.jpg 200w, https:\/\/www.kj-valentin.at\/wp\/wp-content\/uploads\/2019\/01\/O\u00d6N-Taizeartikel2019-440x275.jpg 440w, https:\/\/www.kj-valentin.at\/wp\/wp-content\/uploads\/2019\/01\/O\u00d6N-Taizeartikel2019.jpg 1998w\" sizes=\"(max-width: 300px) 100vw, 300px\" \/><\/a><\/figure>\n\n\n\n<figure class=\"wp-block-image\"><a href=\"http:\/\/www.kj-valentin.at\/wp\/wp-content\/uploads\/2014\/11\/TGnov4.jpg\"><img decoding=\"async\" loading=\"lazy\" width=\"2048\" height=\"1536\" src=\"http:\/\/www.kj-valentin.at\/wp\/wp-content\/uploads\/2014\/11\/TGnov4.jpg\" alt=\"TGnov4\" class=\"wp-image-5656\" srcset=\"https:\/\/www.kj-valentin.at\/wp\/wp-content\/uploads\/2014\/11\/TGnov4.jpg 2048w, https:\/\/www.kj-valentin.at\/wp\/wp-content\/uploads\/2014\/11\/TGnov4-300x225.jpg 300w, https:\/\/www.kj-valentin.at\/wp\/wp-content\/uploads\/2014\/11\/TGnov4-1024x768.jpg 1024w\" sizes=\"(max-width: 2048px) 100vw, 2048px\" \/><\/a><\/figure>\n\n\n\n<figure class=\"wp-block-image\"><a href=\"http:\/\/www.kj-valentin.at\/wp\/wp-content\/uploads\/2015\/10\/SonnenuntergangKirche.jpg\"><img decoding=\"async\" loading=\"lazy\" width=\"2048\" height=\"1152\" src=\"http:\/\/www.kj-valentin.at\/wp\/wp-content\/uploads\/2015\/10\/SonnenuntergangKirche.jpg\" alt=\"SonnenuntergangKirche\" class=\"wp-image-7070\" srcset=\"https:\/\/www.kj-valentin.at\/wp\/wp-content\/uploads\/2015\/10\/SonnenuntergangKirche.jpg 2048w, https:\/\/www.kj-valentin.at\/wp\/wp-content\/uploads\/2015\/10\/SonnenuntergangKirche-300x169.jpg 300w, https:\/\/www.kj-valentin.at\/wp\/wp-content\/uploads\/2015\/10\/SonnenuntergangKirche-1024x576.jpg 1024w\" sizes=\"(max-width: 2048px) 100vw, 2048px\" \/><\/a><\/figure>\n\n\n\n<figure class=\"wp-block-image\"><a href=\"http:\/\/www.kj-valentin.at\/wp\/wp-content\/uploads\/2015\/05\/TGmaiBlog.jpg\"><img decoding=\"async\" loading=\"lazy\" width=\"960\" height=\"720\" src=\"http:\/\/www.kj-valentin.at\/wp\/wp-content\/uploads\/2015\/05\/TGmaiBlog.jpg\" alt=\"TGmaiBlog\" class=\"wp-image-6392\" srcset=\"https:\/\/www.kj-valentin.at\/wp\/wp-content\/uploads\/2015\/05\/TGmaiBlog.jpg 960w, https:\/\/www.kj-valentin.at\/wp\/wp-content\/uploads\/2015\/05\/TGmaiBlog-300x225.jpg 300w\" sizes=\"(max-width: 960px) 100vw, 960px\" \/><\/a><\/figure>\n\n\n\n<figure class=\"wp-block-image\"><a href=\"http:\/\/www.kj-valentin.at\/wp\/wp-content\/uploads\/2015\/05\/WelcomeSalli.jpg\"><img decoding=\"async\" loading=\"lazy\" width=\"960\" height=\"720\" src=\"http:\/\/www.kj-valentin.at\/wp\/wp-content\/uploads\/2015\/05\/WelcomeSalli.jpg\" alt=\"WelcomeSalli\" class=\"wp-image-6386\" srcset=\"https:\/\/www.kj-valentin.at\/wp\/wp-content\/uploads\/2015\/05\/WelcomeSalli.jpg 960w, https:\/\/www.kj-valentin.at\/wp\/wp-content\/uploads\/2015\/05\/WelcomeSalli-300x225.jpg 300w\" sizes=\"(max-width: 960px) 100vw, 960px\" \/><\/a><\/figure>\n\n\n\n<figure class=\"wp-block-image\"><a href=\"http:\/\/www.kj-valentin.at\/wp\/wp-content\/uploads\/2014\/11\/TGnov3.jpg\"><img decoding=\"async\" loading=\"lazy\" width=\"2048\" height=\"1536\" src=\"http:\/\/www.kj-valentin.at\/wp\/wp-content\/uploads\/2014\/11\/TGnov3.jpg\" alt=\"TGnov3\" class=\"wp-image-5655\" srcset=\"https:\/\/www.kj-valentin.at\/wp\/wp-content\/uploads\/2014\/11\/TGnov3.jpg 2048w, https:\/\/www.kj-valentin.at\/wp\/wp-content\/uploads\/2014\/11\/TGnov3-300x225.jpg 300w, https:\/\/www.kj-valentin.at\/wp\/wp-content\/uploads\/2014\/11\/TGnov3-1024x768.jpg 1024w\" sizes=\"(max-width: 2048px) 100vw, 2048px\" \/><\/a><\/figure>\n\n\n\n<figure class=\"wp-block-image\"><img decoding=\"async\" loading=\"lazy\" width=\"2048\" height=\"1343\" src=\"http:\/\/www.kj-valentin.at\/wp\/wp-content\/uploads\/2016\/09\/N\u00d6N-Taizegebet2016.jpg\" alt=\"noen-taizegebet2016\" class=\"wp-image-8568\" srcset=\"https:\/\/www.kj-valentin.at\/wp\/wp-content\/uploads\/2016\/09\/N\u00d6N-Taizegebet2016.jpg 2048w, https:\/\/www.kj-valentin.at\/wp\/wp-content\/uploads\/2016\/09\/N\u00d6N-Taizegebet2016-300x197.jpg 300w, https:\/\/www.kj-valentin.at\/wp\/wp-content\/uploads\/2016\/09\/N\u00d6N-Taizegebet2016-768x504.jpg 768w, https:\/\/www.kj-valentin.at\/wp\/wp-content\/uploads\/2016\/09\/N\u00d6N-Taizegebet2016-1024x672.jpg 1024w\" sizes=\"(max-width: 2048px) 100vw, 2048px\" \/><\/figure>\n\n\n\n<figure class=\"wp-block-image\"><img decoding=\"async\" loading=\"lazy\" width=\"1128\" height=\"2048\" src=\"http:\/\/www.kj-valentin.at\/wp\/wp-content\/uploads\/2016\/09\/KircheBuntTaizegebet2016.jpg\" alt=\"kirchebunttaizegebet2016\" class=\"wp-image-8565\" srcset=\"https:\/\/www.kj-valentin.at\/wp\/wp-content\/uploads\/2016\/09\/KircheBuntTaizegebet2016.jpg 1128w, https:\/\/www.kj-valentin.at\/wp\/wp-content\/uploads\/2016\/09\/KircheBuntTaizegebet2016-165x300.jpg 165w, https:\/\/www.kj-valentin.at\/wp\/wp-content\/uploads\/2016\/09\/KircheBuntTaizegebet2016-768x1394.jpg 768w, https:\/\/www.kj-valentin.at\/wp\/wp-content\/uploads\/2016\/09\/KircheBuntTaizegebet2016-564x1024.jpg 564w\" sizes=\"(max-width: 1128px) 100vw, 1128px\" \/><\/figure>\n\n\n\n<figure class=\"wp-block-image\"><img decoding=\"async\" loading=\"lazy\" width=\"1591\" height=\"2048\" src=\"http:\/\/www.kj-valentin.at\/wp\/wp-content\/uploads\/2016\/09\/TaizeGebet\u00d6Okirchenzeitung2016.jpg\" alt=\"taizegebetoeokirchenzeitung2016\" class=\"wp-image-8543\" srcset=\"https:\/\/www.kj-valentin.at\/wp\/wp-content\/uploads\/2016\/09\/TaizeGebet\u00d6Okirchenzeitung2016.jpg 1591w, https:\/\/www.kj-valentin.at\/wp\/wp-content\/uploads\/2016\/09\/TaizeGebet\u00d6Okirchenzeitung2016-233x300.jpg 233w, https:\/\/www.kj-valentin.at\/wp\/wp-content\/uploads\/2016\/09\/TaizeGebet\u00d6Okirchenzeitung2016-768x989.jpg 768w, https:\/\/www.kj-valentin.at\/wp\/wp-content\/uploads\/2016\/09\/TaizeGebet\u00d6Okirchenzeitung2016-796x1024.jpg 796w\" sizes=\"(max-width: 1591px) 100vw, 1591px\" \/><\/figure>\n\n\n\n<p><\/p>\n","protected":false},"excerpt":{"rendered":"<p>Im franz\u00f6sischen S\u00fcdburgund liegt in der N\u00e4he der Stadt Cluny (hier gab es im Mittelalter die gr\u00f6\u00dfte Kathedrale der Welt) das kleine, aber weltbekannte Dorf Taiz\u00e9. Im Jahre 1940 wurde hier die Communaut\u00e9 de Taiz\u00e9,<\/p>\n","protected":false},"author":2,"featured_media":0,"parent":0,"menu_order":0,"comment_status":"closed","ping_status":"closed","template":"","meta":[],"_links":{"self":[{"href":"https:\/\/www.kj-valentin.at\/wp\/wp-json\/wp\/v2\/pages\/5580"}],"collection":[{"href":"https:\/\/www.kj-valentin.at\/wp\/wp-json\/wp\/v2\/pages"}],"about":[{"href":"https:\/\/www.kj-valentin.at\/wp\/wp-json\/wp\/v2\/types\/page"}],"author":[{"embeddable":true,"href":"https:\/\/www.kj-valentin.at\/wp\/wp-json\/wp\/v2\/users\/2"}],"replies":[{"embeddable":true,"href":"https:\/\/www.kj-valentin.at\/wp\/wp-json\/wp\/v2\/comments?post=5580"}],"version-history":[{"count":30,"href":"https:\/\/www.kj-valentin.at\/wp\/wp-json\/wp\/v2\/pages\/5580\/revisions"}],"predecessor-version":[{"id":12903,"href":"https:\/\/www.kj-valentin.at\/wp\/wp-json\/wp\/v2\/pages\/5580\/revisions\/12903"}],"wp:attachment":[{"href":"https:\/\/www.kj-valentin.at\/wp\/wp-json\/wp\/v2\/media?parent=5580"}],"curies":[{"name":"wp","href":"https:\/\/api.w.org\/{rel}","templated":true}]}}